{"id":8716,"date":"2019-01-04T13:46:52","date_gmt":"2019-01-04T12:46:52","guid":{"rendered":"http:\/\/klasmann-deilmann.com\/?page_id=8716"},"modified":"2019-01-04T13:50:47","modified_gmt":"2019-01-04T12:50:47","slug":"emisje","status":"publish","type":"page","link":"https:\/\/klasmann-deilmann.com\/pl\/emisje\/","title":{"rendered":"Emisje"},"content":{"rendered":"<div class=\"wpb-content-wrapper\">[vc_row][vc_column][kd_header_image_banner image=&#8221;1252&#8243;][\/vc_column][\/vc_row][vc_row][vc_column][vc_row_inner][vc_column_inner width=&#8221;1\/6&#8243;][\/vc_column_inner][vc_column_inner width=&#8221;2\/3&#8243;][vc_column_text]<\/p>\n<h1>Nasze kluczowe wska\u017aniki wydajno\u015bci<\/h1>\n<p>Jako punkt odniesienia dla zr\u00f3wnowa\u017conego rozwoju naszej firmy opracowali\u015bmy kluczowe wska\u017aniki wydajno\u015bci (KPI), kt\u00f3re odzwierciedlaj\u0105 nasze wyniki w spos\u00f3b wykraczaj\u0105cy poza zakres naszych wynik\u00f3w finansowych i wp\u0142ywu na klimat. Naszym celem jest ci\u0105g\u0142e doskonalenie tych wska\u017anik\u00f3w.[\/vc_column_text][\/vc_column_inner][vc_column_inner width=&#8221;1\/6&#8243;][\/vc_column_inner][\/vc_row_inner][vc_row_inner][vc_column_inner][vc_separator][\/vc_column_inner][\/vc_row_inner][vc_row_inner content_placement=&#8221;top&#8221;][vc_column_inner width=&#8221;1\/6&#8243; offset=&#8221;vc_col-lg-2 vc_col-md-2 vc_col-xs-2&#8243;]<\/p>\n<div class=\"kd_icon vc_icon_element vc_icon_element-outer vc_icon_element-align-center notext\">\n<div class=\"vc_icon_element-inner vc_icon_element-style-rounded vc_icon_element-background kddarkgreen\"><span class=\"vc_icon_element-icon kdicon kdicon-source\"><\/span><\/div>\n<\/div>\n<p>[\/vc_column_inner][vc_column_inner width=&#8221;5\/6&#8243; offset=&#8221;vc_col-lg-10 vc_col-md-10 vc_col-xs-12&#8243;][vc_column_text]<\/p>\n<h1 style=\"text-align: left;\">Alternatywne surowce<\/h1>\n<p>Naszym celem jest zwi\u0119kszenie udzia\u0142u alternatywnych surowc\u00f3w do 15% naszej ca\u0142kowitej rocznej produkcji do 2020 r. Pomi\u0119dzy rokiem bazowym (2013 r.) A rokiem bud\u017cetowym 2016 r. Odsetek ten wzr\u00f3s\u0142 z 3,4% do 9,1% w 2017 r.[\/vc_column_text][\/vc_column_inner][\/vc_row_inner][vc_separator style=&#8221;dotted&#8221;][vc_row_inner content_placement=&#8221;top&#8221;][vc_column_inner width=&#8221;1\/6&#8243; offset=&#8221;vc_col-lg-2 vc_col-md-2 vc_col-xs-2&#8243;]<\/p>\n<div class=\"kd_icon vc_icon_element vc_icon_element-outer vc_icon_element-align-center notext\">\n<div class=\"vc_icon_element-inner vc_icon_element-style-rounded vc_icon_element-background kdyellow\"><span class=\"vc_icon_element-icon kdicon kdicon-vegetable_fruit\"><\/span><\/div>\n<\/div>\n<p>[\/vc_column_inner][vc_column_inner width=&#8221;5\/6&#8243;][vc_column_text]<\/p>\n<h1 style=\"text-align: left;\">Sektor spo\u017cywczy<\/h1>\n<p>W przysz\u0142o\u015bci chcieliby\u015bmy zwi\u0119kszy\u0107 dostawy do sektora owoc\u00f3w i warzyw. Aby udokumentowa\u0107 nasze post\u0119py, por\u00f3wnujemy wyniki sprzeda\u017cy osi\u0105gni\u0119te dla tego obszaru z ca\u0142kowit\u0105 sprzeda\u017c\u0105 pod\u0142o\u017cy (w m\u00b3 w obu przypadkach). W por\u00f3wnaniu z warto\u015bci\u0105 r\u00f3wnowa\u017cn\u0105 dla roku bazowego (2013 r.) Sprzeda\u017c do sektora spo\u017cywczego w stosunku do ca\u0142kowitej sprzeda\u017cy wzros\u0142a z 38,0% do 43,9% w roku bud\u017cetowym 2017.[\/vc_column_text][\/vc_column_inner][\/vc_row_inner][vc_separator style=&#8221;dotted&#8221;][vc_row_inner content_placement=&#8221;top&#8221;][vc_column_inner width=&#8221;1\/6&#8243; offset=&#8221;vc_col-lg-2 vc_col-md-2 vc_col-xs-2&#8243;]<\/p>\n<div class=\"kd_icon vc_icon_element vc_icon_element-outer vc_icon_element-align-center notext\">\n<div class=\"vc_icon_element-inner vc_icon_element-style-rounded vc_icon_element-background kdorange\"><span class=\"vc_icon_element-icon kdicon kdicon-emissions\"><\/span><\/div>\n<\/div>\n<p>[\/vc_column_inner][vc_column_inner width=&#8221;5\/6&#8243; offset=&#8221;vc_col-lg-10 vc_col-md-10 vc_col-xs-12&#8243;][vc_column_text]<\/p>\n<h1 style=\"text-align: left;\">Emisje<\/h1>\n<p>Poniewa\u017c d\u0105\u017cymy do ci\u0105g\u0142ej optymalizacji poziom\u00f3w emisji na jednostk\u0119 produktu, obliczamy stosunek ca\u0142kowitej emisji w naszej grupie korporacyjnej (w t CO<sub>2<\/sub>e) do ca\u0142kowitej wielko\u015bci produkcji (w m\u00b3). \u015arednie poziomy emisji na m\u00b3 zmniejszy\u0142y si\u0119 z 63,27 kg CO<sub>2<\/sub>e w roku bazowym (2013) do 58,88 kg CO<sub>2<\/sub>e w roku obrotowym 2016.[\/vc_column_text][\/vc_column_inner][\/vc_row_inner][vc_separator style=&#8221;dotted&#8221;][vc_row_inner content_placement=&#8221;top&#8221;][vc_column_inner width=&#8221;1\/6&#8243; offset=&#8221;vc_col-lg-2 vc_col-md-2 vc_col-xs-2&#8243;]<\/p>\n<div class=\"kd_icon vc_icon_element vc_icon_element-outer vc_icon_element-align-center notext\">\n<div class=\"vc_icon_element-inner vc_icon_element-style-rounded vc_icon_element-background kdgreen\"><span class=\"vc_icon_element-icon kdicon kdicon-renewable_energy\"><\/span><\/div>\n<\/div>\n<p>[\/vc_column_inner][vc_column_inner width=&#8221;5\/6&#8243; offset=&#8221;vc_col-lg-10 vc_col-md-10 vc_col-xs-12&#8243;][vc_column_text]<\/p>\n<h1 style=\"text-align: left;\">Energia odnawialna<\/h1>\n<p>Obliczamy stosunek emisji (w t CO<sub>2<\/sub>e) do emisji unikni\u0119tej (w t CO<sub>2<\/sub>e), aby podkre\u015bli\u0107 rosn\u0105ce znaczenie naszej dzia\u0142alno\u015bci energetycznej i uwzgl\u0119dni\u0107 wp\u0142yw naszych \u015brodk\u00f3w na zapobieganie emisji. Wska\u017anik ten poprawi\u0142 si\u0119 z 5,48% w roku bazowym (2013) do 17,10% w roku obrotowym 2016.[\/vc_column_text][\/vc_column_inner][\/vc_row_inner][vc_separator style=&#8221;dotted&#8221;][vc_row_inner][vc_column_inner width=&#8221;1\/6&#8243; offset=&#8221;vc_col-lg-2 vc_col-md-2 vc_col-xs-2&#8243;]<\/p>\n<div class=\"kd_icon vc_icon_element vc_icon_element-outer vc_icon_element-align-center notext\">\n<div class=\"vc_icon_element-inner vc_icon_element-style-rounded vc_icon_element-background kdwinered\"><span class=\"vc_icon_element-icon kdicon kdicon-health\"><\/span><\/div>\n<\/div>\n<p>[\/vc_column_inner][vc_column_inner width=&#8221;5\/6&#8243; offset=&#8221;vc_col-lg-10 vc_col-md-10 vc_col-xs-12&#8243;][vc_column_text]<\/p>\n<h1 style=\"text-align: left;\">Zdrowie pracownik\u00f3w<\/h1>\n<p>KPI\u00a0 <strong>&#8222;iloraz zdrowia&#8221;<\/strong>, kt\u00f3rego u\u017cywamy tutaj, podaje stosunek mi\u0119dzy ca\u0142kowit\u0105 liczb\u0105 dni pracy naszych pracownik\u00f3w a liczb\u0105 dni wolnych z powodu choroby (w tym okresy choroby kr\u00f3tsze ni\u017c sze\u015b\u0107 tygodni). Liczba poprawi\u0142a si\u0119 z 95,1% w roku bazowym (2013) do 96,0% w roku bud\u017cetowym 2016.[\/vc_column_text][\/vc_column_inner][\/vc_row_inner][\/vc_column][\/vc_row][vc_row][vc_column][vc_column_text]<\/p>\n<p>[\/vc_column_text][\/vc_column][\/vc_row]<\/p><\/div>\n","protected":false},"excerpt":{"rendered":"<p>[vc_row][vc_column][kd_header_image_banner image=&#8221;1252&#8243;][\/vc_column][\/vc_row][vc_row][vc_column][vc_row_inner][vc_column_inner width=&#8221;1\/6&#8243;][\/vc_column_inner][vc_column_inner width=&#8221;2\/3&#8243;][vc_column_text] Nasze kluczowe wska\u017aniki wydajno\u015bci Jako punkt odniesienia dla zr\u00f3wnowa\u017conego rozwoju naszej firmy opracowali\u015bmy kluczowe wska\u017aniki wydajno\u015bci (KPI), kt\u00f3re odzwierciedlaj\u0105 nasze wyniki w spos\u00f3b wykraczaj\u0105cy poza zakres naszych wynik\u00f3w finansowych i wp\u0142ywu na klimat. Naszym celem jest ci\u0105g\u0142e doskonalenie tych wska\u017anik\u00f3w.[\/vc_column_text][\/vc_column_inner][vc_column_inner width=&#8221;1\/6&#8243;][\/vc_column_inner][\/vc_row_inner][vc_row_inner][vc_column_inner][vc_separator][\/vc_column_inner][\/vc_row_inner][vc_row_inner content_placement=&#8221;top&#8221;][vc_column_inner width=&#8221;1\/6&#8243; offset=&#8221;vc_col-lg-2 vc_col-md-2 vc_col-xs-2&#8243;][\/vc_column_inner][vc_column_inner width=&#8221;5\/6&#8243; offset=&#8221;vc_col-lg-10 vc_col-md-10 vc_col-xs-12&#8243;][vc_column_text] Alternatywne surowce Naszym celem jest zwi\u0119kszenie udzia\u0142u alternatywnych surowc\u00f3w do 15% naszej ca\u0142kowitej rocznej produkcji do 2020 r. Pomi\u0119dzy rokiem bazowym (2013 r.) A rokiem bud\u017cetowym<\/p>\n","protected":false},"author":2,"featured_media":0,"parent":0,"menu_order":509,"comment_status":"closed","ping_status":"closed","template":"","meta":{"_acf_changed":false,"inline_featured_image":false,"footnotes":""},"class_list":["post-8716","page","type-page","status-publish","hentry"],"acf":[],"yoast_head":"<!-- This site is optimized with the Yoast SEO plugin v27.5 - https:\/\/yoast.com\/product\/yoast-seo-wordpress\/ -->\n<title>Emisje - Klasmann-Deilmann<\/title>\n<meta name=\"robots\" content=\"index, follow, max-snippet:-1, max-image-preview:large, max-video-preview:-1\" \/>\n<link rel=\"canonical\" href=\"https:\/\/klasmann-deilmann.com\/pl\/emisje\/\" \/>\n<meta property=\"og:locale\" content=\"pl_PL\" \/>\n<meta property=\"og:type\" content=\"article\" \/>\n<meta property=\"og:title\" content=\"Emisje - Klasmann-Deilmann\" \/>\n<meta property=\"og:description\" content=\"[vc_row][vc_column][kd_header_image_banner image=&#8221;1252&#8243;][\/vc_column][\/vc_row][vc_row][vc_column][vc_row_inner][vc_column_inner width=&#8221;1\/6&#8243;][\/vc_column_inner][vc_column_inner width=&#8221;2\/3&#8243;][vc_column_text] Nasze kluczowe wska\u017aniki wydajno\u015bci Jako punkt odniesienia dla zr\u00f3wnowa\u017conego rozwoju naszej firmy opracowali\u015bmy kluczowe wska\u017aniki wydajno\u015bci (KPI), kt\u00f3re odzwierciedlaj\u0105 nasze wyniki w spos\u00f3b wykraczaj\u0105cy poza zakres naszych wynik\u00f3w finansowych i wp\u0142ywu na klimat. Naszym celem jest ci\u0105g\u0142e doskonalenie tych wska\u017anik\u00f3w.[\/vc_column_text][\/vc_column_inner][vc_column_inner width=&#8221;1\/6&#8243;][\/vc_column_inner][\/vc_row_inner][vc_row_inner][vc_column_inner][vc_separator][\/vc_column_inner][\/vc_row_inner][vc_row_inner content_placement=&#8221;top&#8221;][vc_column_inner width=&#8221;1\/6&#8243; offset=&#8221;vc_col-lg-2 vc_col-md-2 vc_col-xs-2&#8243;][\/vc_column_inner][vc_column_inner width=&#8221;5\/6&#8243; offset=&#8221;vc_col-lg-10 vc_col-md-10 vc_col-xs-12&#8243;][vc_column_text] Alternatywne surowce Naszym celem jest zwi\u0119kszenie udzia\u0142u alternatywnych surowc\u00f3w do 15% naszej ca\u0142kowitej rocznej produkcji do 2020 r. Pomi\u0119dzy rokiem bazowym (2013 r.) A rokiem bud\u017cetowym\" \/>\n<meta property=\"og:url\" content=\"https:\/\/klasmann-deilmann.com\/pl\/emisje\/\" \/>\n<meta property=\"og:site_name\" content=\"Klasmann-Deilmann\" \/>\n<meta property=\"article:modified_time\" content=\"2019-01-04T12:50:47+00:00\" \/>\n<meta name=\"twitter:card\" content=\"summary_large_image\" \/>\n<meta name=\"twitter:label1\" content=\"Szacowany czas czytania\" \/>\n\t<meta name=\"twitter:data1\" content=\"4 minuty\" \/>\n<script type=\"application\/ld+json\" class=\"yoast-schema-graph\">{\"@context\":\"https:\\\/\\\/schema.org\",\"@graph\":[{\"@type\":\"WebPage\",\"@id\":\"https:\\\/\\\/klasmann-deilmann.com\\\/pl\\\/emisje\\\/\",\"url\":\"https:\\\/\\\/klasmann-deilmann.com\\\/pl\\\/emisje\\\/\",\"name\":\"Emisje - Klasmann-Deilmann\",\"isPartOf\":{\"@id\":\"https:\\\/\\\/klasmann-deilmann.com\\\/en\\\/#website\"},\"datePublished\":\"2019-01-04T12:46:52+00:00\",\"dateModified\":\"2019-01-04T12:50:47+00:00\",\"breadcrumb\":{\"@id\":\"https:\\\/\\\/klasmann-deilmann.com\\\/pl\\\/emisje\\\/#breadcrumb\"},\"inLanguage\":\"pl-PL\",\"potentialAction\":[{\"@type\":\"ReadAction\",\"target\":[\"https:\\\/\\\/klasmann-deilmann.com\\\/pl\\\/emisje\\\/\"]}]},{\"@type\":\"BreadcrumbList\",\"@id\":\"https:\\\/\\\/klasmann-deilmann.com\\\/pl\\\/emisje\\\/#breadcrumb\",\"itemListElement\":[{\"@type\":\"ListItem\",\"position\":1,\"name\":\"Home\",\"item\":\"https:\\\/\\\/klasmann-deilmann.com\\\/pl\\\/\"},{\"@type\":\"ListItem\",\"position\":2,\"name\":\"Emisje\"}]},{\"@type\":\"WebSite\",\"@id\":\"https:\\\/\\\/klasmann-deilmann.com\\\/en\\\/#website\",\"url\":\"https:\\\/\\\/klasmann-deilmann.com\\\/en\\\/\",\"name\":\"Klasmann-Deilmann\",\"description\":\"\",\"potentialAction\":[{\"@type\":\"SearchAction\",\"target\":{\"@type\":\"EntryPoint\",\"urlTemplate\":\"https:\\\/\\\/klasmann-deilmann.com\\\/en\\\/?s={search_term_string}\"},\"query-input\":{\"@type\":\"PropertyValueSpecification\",\"valueRequired\":true,\"valueName\":\"search_term_string\"}}],\"inLanguage\":\"pl-PL\"}]}<\/script>\n<!-- \/ Yoast SEO plugin. -->","yoast_head_json":{"title":"Emisje - Klasmann-Deilmann","robots":{"index":"index","follow":"follow","max-snippet":"max-snippet:-1","max-image-preview":"max-image-preview:large","max-video-preview":"max-video-preview:-1"},"canonical":"https:\/\/klasmann-deilmann.com\/pl\/emisje\/","og_locale":"pl_PL","og_type":"article","og_title":"Emisje - Klasmann-Deilmann","og_description":"[vc_row][vc_column][kd_header_image_banner image=&#8221;1252&#8243;][\/vc_column][\/vc_row][vc_row][vc_column][vc_row_inner][vc_column_inner width=&#8221;1\/6&#8243;][\/vc_column_inner][vc_column_inner width=&#8221;2\/3&#8243;][vc_column_text] Nasze kluczowe wska\u017aniki wydajno\u015bci Jako punkt odniesienia dla zr\u00f3wnowa\u017conego rozwoju naszej firmy opracowali\u015bmy kluczowe wska\u017aniki wydajno\u015bci (KPI), kt\u00f3re odzwierciedlaj\u0105 nasze wyniki w spos\u00f3b wykraczaj\u0105cy poza zakres naszych wynik\u00f3w finansowych i wp\u0142ywu na klimat. Naszym celem jest ci\u0105g\u0142e doskonalenie tych wska\u017anik\u00f3w.[\/vc_column_text][\/vc_column_inner][vc_column_inner width=&#8221;1\/6&#8243;][\/vc_column_inner][\/vc_row_inner][vc_row_inner][vc_column_inner][vc_separator][\/vc_column_inner][\/vc_row_inner][vc_row_inner content_placement=&#8221;top&#8221;][vc_column_inner width=&#8221;1\/6&#8243; offset=&#8221;vc_col-lg-2 vc_col-md-2 vc_col-xs-2&#8243;][\/vc_column_inner][vc_column_inner width=&#8221;5\/6&#8243; offset=&#8221;vc_col-lg-10 vc_col-md-10 vc_col-xs-12&#8243;][vc_column_text] Alternatywne surowce Naszym celem jest zwi\u0119kszenie udzia\u0142u alternatywnych surowc\u00f3w do 15% naszej ca\u0142kowitej rocznej produkcji do 2020 r. Pomi\u0119dzy rokiem bazowym (2013 r.) A rokiem bud\u017cetowym","og_url":"https:\/\/klasmann-deilmann.com\/pl\/emisje\/","og_site_name":"Klasmann-Deilmann","article_modified_time":"2019-01-04T12:50:47+00:00","twitter_card":"summary_large_image","twitter_misc":{"Szacowany czas czytania":"4 minuty"},"schema":{"@context":"https:\/\/schema.org","@graph":[{"@type":"WebPage","@id":"https:\/\/klasmann-deilmann.com\/pl\/emisje\/","url":"https:\/\/klasmann-deilmann.com\/pl\/emisje\/","name":"Emisje - Klasmann-Deilmann","isPartOf":{"@id":"https:\/\/klasmann-deilmann.com\/en\/#website"},"datePublished":"2019-01-04T12:46:52+00:00","dateModified":"2019-01-04T12:50:47+00:00","breadcrumb":{"@id":"https:\/\/klasmann-deilmann.com\/pl\/emisje\/#breadcrumb"},"inLanguage":"pl-PL","potentialAction":[{"@type":"ReadAction","target":["https:\/\/klasmann-deilmann.com\/pl\/emisje\/"]}]},{"@type":"BreadcrumbList","@id":"https:\/\/klasmann-deilmann.com\/pl\/emisje\/#breadcrumb","itemListElement":[{"@type":"ListItem","position":1,"name":"Home","item":"https:\/\/klasmann-deilmann.com\/pl\/"},{"@type":"ListItem","position":2,"name":"Emisje"}]},{"@type":"WebSite","@id":"https:\/\/klasmann-deilmann.com\/en\/#website","url":"https:\/\/klasmann-deilmann.com\/en\/","name":"Klasmann-Deilmann","description":"","potentialAction":[{"@type":"SearchAction","target":{"@type":"EntryPoint","urlTemplate":"https:\/\/klasmann-deilmann.com\/en\/?s={search_term_string}"},"query-input":{"@type":"PropertyValueSpecification","valueRequired":true,"valueName":"search_term_string"}}],"inLanguage":"pl-PL"}]}},"_links":{"self":[{"href":"https:\/\/klasmann-deilmann.com\/pl\/wp-json\/wp\/v2\/pages\/8716","targetHints":{"allow":["GET"]}}],"collection":[{"href":"https:\/\/klasmann-deilmann.com\/pl\/wp-json\/wp\/v2\/pages"}],"about":[{"href":"https:\/\/klasmann-deilmann.com\/pl\/wp-json\/wp\/v2\/types\/page"}],"author":[{"embeddable":true,"href":"https:\/\/klasmann-deilmann.com\/pl\/wp-json\/wp\/v2\/users\/2"}],"replies":[{"embeddable":true,"href":"https:\/\/klasmann-deilmann.com\/pl\/wp-json\/wp\/v2\/comments?post=8716"}],"version-history":[{"count":3,"href":"https:\/\/klasmann-deilmann.com\/pl\/wp-json\/wp\/v2\/pages\/8716\/revisions"}],"predecessor-version":[{"id":8719,"href":"https:\/\/klasmann-deilmann.com\/pl\/wp-json\/wp\/v2\/pages\/8716\/revisions\/8719"}],"wp:attachment":[{"href":"https:\/\/klasmann-deilmann.com\/pl\/wp-json\/wp\/v2\/media?parent=8716"}],"curies":[{"name":"wp","href":"https:\/\/api.w.org\/{rel}","templated":true}]}}