{"id":40240,"date":"2021-11-16T13:36:20","date_gmt":"2021-11-16T12:36:20","guid":{"rendered":"https:\/\/klasmann-deilmann.com\/?page_id=40240"},"modified":"2025-07-29T17:05:29","modified_gmt":"2025-07-29T15:05:29","slug":"ausbildung","status":"publish","type":"page","link":"https:\/\/klasmann-deilmann.com\/de\/karriere\/ausbildung-und-duales-studium\/ausbildung\/","title":{"rendered":"Ausbildung"},"content":{"rendered":"<div class=\"wpb-content-wrapper\">[vc_row][vc_column][kd_header_random_image_banner image=&#8220;36366&#8243;][\/kd_header_random_image_banner][\/vc_column][\/vc_row][vc_row][vc_column][vc_row_inner][vc_column_inner width=&#8220;3\/4&#8243;][vc_column_text]<\/p>\n<h2>Schule vorbei und jetzt?<\/h2>\n<p>Dann komm zu uns und beginne mit uns Deinen Weg in den Berufsalltag. In jedem Jahr erm\u00f6glichen wir jungen Menschen den Einstieg in die Berufswelt. Alle wichtigen Informationen zu den einzelnen Berufen findest Du hier. Falls Du noch unsicher bist, schreibe eine Mail an unseren Ausbildungsleiter Tim Hagen.<\/p>\n<p>PS: Alle unsere Auszubildenden haben ihre Ausbildung erfolgreich bestanden und die IHK zeichnete uns auch als Top-Ausbildungsbetrieb aus.[\/vc_column_text][\/vc_column_inner][vc_column_inner width=&#8220;1\/4&#8243;][vc_column_text]<img loading=\"lazy\" decoding=\"async\" width=\"711\" height=\"525\" class=\"alignnone size-full wp-image-82585\" src=\"\/wp-content\/uploads\/IHK_AusbildungsSiegel_Laufzeit_2023-2026_A4_RGB.png\" alt=\"\" srcset=\"https:\/\/klasmann-deilmann.com\/wp-content\/uploads\/IHK_AusbildungsSiegel_Laufzeit_2023-2026_A4_RGB.png 711w, https:\/\/klasmann-deilmann.com\/wp-content\/uploads\/IHK_AusbildungsSiegel_Laufzeit_2023-2026_A4_RGB-300x222.png 300w\" sizes=\"auto, (max-width: 711px) 100vw, 711px\" \/>[\/vc_column_text][\/vc_column_inner][\/vc_row_inner][vc_row_inner][vc_column_inner][kd_videobox videofrom=&#8220;infothek&#8220; videoinfothek=&#8220;29214|Ausbildung bei Klasmann-Deilmann&#8220;][\/vc_column_inner][\/vc_row_inner][\/vc_column][\/vc_row][vc_section css=&#8220;.vc_custom_1629978088417{margin-top: 30px !important;}&#8220;][vc_row][vc_column][vc_row_inner][vc_column_inner][vc_column_text]<\/p>\n<h2>Ausbildung bei Klasmann-Deilmann:<\/h2>\n<p>[\/vc_column_text][\/vc_column_inner][\/vc_row_inner][\/vc_column][\/vc_row][vc_row][vc_column width=&#8220;1\/2&#8243;][kd_accordion_custom color=&#8220;kdgreen&#8220; shape=&#8220;square&#8220; gap=&#8220;20&#8243; collapsible_all=&#8220;true&#8220; active_section=&#8220;99&#8243;][vc_tta_section title=&#8220;Industriekauffrau \/ Industriekaufmann (m\/w\/d)&#8220; tab_id=&#8220;1638541638239-9bd96504-056e&#8220;][vc_row_inner][vc_column_inner][vc_column_text el_class=&#8220;pluslist&#8220;]Bei dieser Ausbildung lernst du viele Abteilungen der Firma kennen und wirst ein echter Allrounder: f\u00fcr Einkauf, Logistik, Personal, Finanzen und Vertrieb. Au\u00dferdem kannst du Erfahrungen bei der Produktentwicklung und der Beratung unserer Kunden sammeln.<\/p>\n<ul>\n<li>Du hast einen guten Realschulabschuss und\/oder einen Abschluss der Berufsfachschule Wirtschaft, alternativ die Fachoberschulreife, die Fachhochschulreife oder die Allgemeine Hochschulreife<\/li>\n<li>Deutsch und Englisch beherrschst du in Wort und Schrift, auch mit Mathematik kommst du gut&nbsp;klar<\/li>\n<li>Die Ausbildung dauert 3&nbsp;Jahre. Hast du eine bestimmte schulische Vorbildung, kannst du es auch in 2&nbsp;oder 2,5 Jahren schaffen<\/li>\n<\/ul>\n<p>[\/vc_column_text][\/vc_column_inner][\/vc_row_inner][\/vc_tta_section][vc_tta_section title=&#8220;Fachinformatiker\/in f\u00fcr Systemintegration (m\/w\/d)&#8220; tab_id=&#8220;1629977757282-5f45844a-390d&#8220;][vc_row_inner][vc_column_inner][vc_column_text el_class=&#8220;pluslist&#8220;]Nach Abschluss dieser Ausbildung bist du fit in IT und Netzwerken. Du wei\u00dft, wie man eine IT-Infrastruktur aufbaut, und kennst dich bestens mit der Installation von Hard- und Software aus. Au\u00dferdem bist du Spezialist f\u00fcr Anwenderunterst\u00fctzung und verantwortlich f\u00fcr die System\u00fcberwachung.<\/p>\n<ul>\n<li>F\u00fcr diese Ausbildung brauchst du einen guten Realschulabschluss oder einen Abschluss als staatlich gepr\u00fcfter Technischer Assistent f\u00fcr Informatik oder kaufm\u00e4nnischer Assistent f\u00fcr Wirtschaftsinformatik. Alternativ hast du die Fachoberschulreife, Fachhochschulreife oder Allgemeine Hochschulreife<\/li>\n<li>Du kannst gut Deutsch und Englisch, auch Mathematik ist kein Problem f\u00fcr&nbsp;dich<\/li>\n<li>Die Ausbildung dauert 3&nbsp;Jahre<\/li>\n<\/ul>\n<p>[\/vc_column_text][\/vc_column_inner][\/vc_row_inner][\/vc_tta_section][\/kd_accordion_custom][\/vc_column][vc_column width=&#8220;1\/2&#8243;][kd_accordion_custom color=&#8220;kdgreen&#8220; shape=&#8220;square&#8220; gap=&#8220;20&#8243; collapsible_all=&#8220;true&#8220; active_section=&#8220;99&#8243;][vc_tta_section title=&#8220;Pflanzentechnologen\/-innen (m\/w\/d)&#8220; tab_id=&#8220;1629977982832-1a2fe7aa-42fa&#8220;][vc_row_inner][vc_column_inner][vc_column_text el_class=&#8220;pluslist&#8220;]Bei den dieser Ausbildung vielf\u00e4ltigen T\u00e4tigkeiten arbeitest du im Freien aber auch mit neusten Technologien im Labor oder Gew\u00e4chshaus. Du l\u00e4sst Pflanzen wachsen und untersuchst sie.<\/p>\n<ul>\n<li>Du hast einen guten Hauptschul- oder Realschulabschluss<\/li>\n<li>Die Berufsschule findet blockweise in Einbeck&nbsp;statt<\/li>\n<li>F\u00fcr diese Ausbildung solltest du Spa\u00df an praktischer Arbeit haben<\/li>\n<li>Die Ausbildung dauert 3&nbsp;Jahre<\/li>\n<\/ul>\n<p>[\/vc_column_text][\/vc_column_inner][\/vc_row_inner][\/vc_tta_section][\/kd_accordion_custom][\/vc_column][\/vc_row][\/vc_section][vc_section css=&#8220;.vc_custom_1629897838465{margin-top: 70px !important;}&#8220;][vc_row][vc_column][vc_row_inner][vc_column_inner][vc_column_text]<\/p>\n<h2>Unsere Vorschl\u00e4ge f\u00fcr Deine Bewerbung: Worauf Du achten solltest<\/h2>\n<p>Damit wir uns ein vollst\u00e4ndiges Bild von Dir machen k\u00f6nnen, brauchen wir mehr als nur ein Foto. Bevor Du Deine Bewerbung einreichst, solltest Du also zun\u00e4chst sicherstellen, dass Du nichts Wichtiges vergessen hast.[\/vc_column_text][\/vc_column_inner][\/vc_row_inner][kd_accordion_custom color=&#8220;kdgreen&#8220; shape=&#8220;square&#8220; gap=&#8220;20&#8243; collapsible_all=&#8220;true&#8220; active_section=&#8220;99&#8243;][vc_tta_section title=&#8220;Berufswunsch&#8220; tab_id=&#8220;1629976788578-b376eb5b-a3b41629978178973&#8243;][vc_row_inner][vc_column_inner][vc_column_text]Wir freuen uns auf Deine Bewerbung. Umso mehr, wenn Du uns sagst, warum Du gerade diesen Beruf ins Auge gefasst hast. Das hei\u00dft: Warum ist dieser Beruf der richtige f\u00fcr Dich und warum bist Du der\/die Richtige f\u00fcr diesen Beruf?[\/vc_column_text][\/vc_column_inner][\/vc_row_inner][\/vc_tta_section][vc_tta_section title=&#8220;Lebenslauf&#8220; tab_id=&#8220;1629976788613-170a2705-d63d1629978178973&#8243;][vc_row_inner][vc_column_inner][vc_column_text]Dein Lebenslauf kann sehr aufschlussreich sein. Er kann uns Aufschluss \u00fcber die Meilensteine in Deinem bisherigen Leben, Deine Interessen und Vorlieben geben. Ein pers\u00f6nliches Datenblatt ist ausreichend.[\/vc_column_text][\/vc_column_inner][\/vc_row_inner][\/vc_tta_section][vc_tta_section title=&#8220;Deine letzten drei Zeugnisse&#8220; tab_id=&#8220;1629976788644-1aefc5cf-61521629978178973&#8243;][vc_row_inner][vc_column_inner][vc_column_text]Was magst Du lieber &#8211; Mathe oder vielleicht die Naturwissenschaften wie Biologie und Chemie? Oder bist Du eher praktisch veranlagt? Deine Schulzeugnisse geben Hinweise darauf, wo Deine gr\u00f6\u00dften St\u00e4rken und Talente liegen. Dabei ist aber auch klar: Deine Schulnoten sagen noch lange nicht alles aus.[\/vc_column_text][\/vc_column_inner][\/vc_row_inner][\/vc_tta_section][vc_tta_section title=&#8220;Was kannst du sonst noch gut oder machst du gerne?&#8220; tab_id=&#8220;1629978325112-321f4b3d-9e15&#8243;][vc_row_inner][vc_column_inner][vc_column_text]Schulzeugnisse sind zwar wichtig f\u00fcr uns, aber sie sind nicht alles. Um uns ein umfassenderes Bild von Dir zu machen, m\u00f6chten wir mehr wissen. Wof\u00fcr interessierst Du Dich besonders? Was sind Deine liebsten Hobbys und Freizeitbesch\u00e4ftigungen? Hast Du besondere Talente oder hast Du Berufserfahrung? Lernst Du eine Sprache? Oder engagierst Du dich ehrenamtlich in einem Verein oder Verband? Schick uns Zeugnisse oder \u00e4hnliches &#8211; alles, was Dich interessiert, interessiert uns![\/vc_column_text][\/vc_column_inner][\/vc_row_inner][\/vc_tta_section][\/kd_accordion_custom][\/vc_column][\/vc_row][\/vc_section][vc_row background_color=&#8220;kdlightgray&#8220; css=&#8220;.vc_custom_1629978735137{margin-top: 30px !important;padding-top: 70px !important;padding-bottom: 30px !important;}&#8220;][vc_column][vc_row_inner][vc_column_inner][vc_column_text]<\/p>\n<h2>Wie kann ich meine Bewerbung abschicken?<\/h2>\n<p>Hast Du alles, was Du f\u00fcr Deine Bewerbung brauchst? Dann schick sie uns einfach zu &#8211; am besten online.[\/vc_column_text][kd_download_button show_link_download1=&#8220;link&#8220; link1=&#8220;url:https%3A%2F%2Fklasmann-deilmann.com%2Fde%2Fkarriere%2Fkontakt%2F|title:Online%20bewerben&#8220;][\/vc_column_inner][\/vc_row_inner][\/vc_column][\/vc_row][vc_row css=&#8220;.vc_custom_1629979285058{margin-top: 70px !important;}&#8220;][vc_column][vc_row_inner gap=&#8220;30&#8243;][vc_column_inner width=&#8220;1\/2&#8243;][vc_column_text]<\/p>\n<h2><img decoding=\"async\" class=\"alignnone size-full wp-image-36209\" src=\"\/wp-content\/uploads\/job_interview.jpg\" alt=\"\" \/><\/h2>\n<p>[\/vc_column_text][\/vc_column_inner][vc_column_inner width=&#8220;1\/2&#8243;][vc_column_text el_class=&#8220;pluslist green&#8220;]<\/p>\n<h2>Dein Vorstellungsgespr\u00e4ch: auf gleicher Augenh\u00f6he mit uns<\/h2>\n<p>Wenn Du zu einem Vorstellungsgespr\u00e4ch eingeladen wirst, bist Du in die engere Wahl f\u00fcr diese bestimmte Stelle gekommen. Wir sehen das Vorstellungsgespr\u00e4ch als eine erste Gelegenheit f\u00fcr beide Seiten, sich kennen zu lernen und einen Dialog auf Augenh\u00f6he zu f\u00fchren. Auch wenn ein solches Treffen eine besondere Situation ist, bleib authentisch und pr\u00e4sentiere Dich von Deiner besten Seite.<\/p>\n<ul>\n<li>Informiere Dich rechtzeitig, wie Du zum Vorstellungsgespr\u00e4ch kommst.<\/li>\n<li>Dein Outfit und Dein Auftreten sollten der angestrebten Stelle angemessen sein und einen guten Eindruck hinterlassen.<\/li>\n<li>Geh mit einer positiven Einstellung in das Gespr\u00e4ch und sieh Dich dem Unternehmen gegen\u00fcber als gleichberechtigt an.<\/li>\n<li>Z\u00f6gere nicht, Fragen zu stellen \u2013 auch zu der Stelle, um die Du dich bewirbst, und zeige, dass Du an dem Gespr\u00e4ch interessiert bist.<\/li>\n<\/ul>\n<p>[\/vc_column_text][\/vc_column_inner][\/vc_row_inner][\/vc_column][\/vc_row][vc_row background_color=&#8220;kdlightgray&#8220; css=&#8220;.vc_custom_1629983303262{padding-top: 70px !important;}&#8220;][vc_column][vc_row_inner][vc_column_inner][vc_column_text css=&#8220;&#8220;]<\/p>\n<h2>Noch mehr Fragen?<\/h2>\n<p>Du kannst uns gerne ansprechen. Unsere Ausbildungsleiterin Alina Heine ist genau die richtige Person, um Deine Fragen zu beantworten.[\/vc_column_text][kd_contact_person singleorlist=&#8220;single&#8220; singlecontact=&#8220;82663|Alina Heine&#8220; useemailtemplate=&#8220;&#8220; altemail=&#8220;ausbildung@klasmann-deilmann.com&#8220; altphone=&#8220;&#8220;][\/vc_column_inner][\/vc_row_inner][\/vc_column][\/vc_row]<\/p><\/div>\n","protected":false},"excerpt":{"rendered":"<p>[vc_row][vc_column][kd_header_random_image_banner image=&#8220;36366&#8243;][\/kd_header_random_image_banner][\/vc_column][\/vc_row][vc_row][vc_column][vc_row_inner][vc_column_inner width=&#8220;3\/4&#8243;][vc_column_text] Schule vorbei und jetzt? Dann komm zu uns und beginne mit uns Deinen Weg in den Berufsalltag. In jedem Jahr erm\u00f6glichen wir jungen Menschen den Einstieg in die Berufswelt. Alle wichtigen Informationen zu den einzelnen Berufen findest Du hier. Falls Du noch unsicher bist, schreibe eine Mail an unseren Ausbildungsleiter Tim Hagen. PS: Alle unsere Auszubildenden haben ihre Ausbildung erfolgreich bestanden und die IHK zeichnete uns auch als Top-Ausbildungsbetrieb aus.[\/vc_column_text][\/vc_column_inner][vc_column_inner width=&#8220;1\/4&#8243;][vc_column_text][\/vc_column_text][\/vc_column_inner][\/vc_row_inner][vc_row_inner][vc_column_inner][kd_videobox videofrom=&#8220;infothek&#8220; videoinfothek=&#8220;29214|Ausbildung bei Klasmann-Deilmann&#8220;][\/vc_column_inner][\/vc_row_inner][\/vc_column][\/vc_row][vc_section css=&#8220;.vc_custom_1629978088417{margin-top: 30px<\/p>\n","protected":false},"author":7,"featured_media":0,"parent":40214,"menu_order":297,"comment_status":"closed","ping_status":"closed","template":"","meta":{"_acf_changed":false,"inline_featured_image":false,"footnotes":""},"class_list":["post-40240","page","type-page","status-publish","hentry"],"acf":[],"yoast_head":"<!-- This site is optimized with the Yoast SEO plugin v27.5 - https:\/\/yoast.com\/product\/yoast-seo-wordpress\/ -->\n<title>Ausbildung - Klasmann-Deilmann<\/title>\n<meta name=\"robots\" content=\"index, follow, max-snippet:-1, max-image-preview:large, max-video-preview:-1\" \/>\n<link rel=\"canonical\" href=\"https:\/\/klasmann-deilmann.com\/de\/karriere\/ausbildung-und-duales-studium\/ausbildung\/\" \/>\n<meta property=\"og:locale\" content=\"de_DE\" \/>\n<meta property=\"og:type\" content=\"article\" \/>\n<meta property=\"og:title\" content=\"Ausbildung - Klasmann-Deilmann\" \/>\n<meta property=\"og:description\" content=\"[vc_row][vc_column][kd_header_random_image_banner image=&#8220;36366&#8243;][\/kd_header_random_image_banner][\/vc_column][\/vc_row][vc_row][vc_column][vc_row_inner][vc_column_inner width=&#8220;3\/4&#8243;][vc_column_text] Schule vorbei und jetzt? Dann komm zu uns und beginne mit uns Deinen Weg in den Berufsalltag. In jedem Jahr erm\u00f6glichen wir jungen Menschen den Einstieg in die Berufswelt. Alle wichtigen Informationen zu den einzelnen Berufen findest Du hier. Falls Du noch unsicher bist, schreibe eine Mail an unseren Ausbildungsleiter Tim Hagen. PS: Alle unsere Auszubildenden haben ihre Ausbildung erfolgreich bestanden und die IHK zeichnete uns auch als Top-Ausbildungsbetrieb aus.[\/vc_column_text][\/vc_column_inner][vc_column_inner width=&#8220;1\/4&#8243;][vc_column_text][\/vc_column_text][\/vc_column_inner][\/vc_row_inner][vc_row_inner][vc_column_inner][kd_videobox videofrom=&#8220;infothek&#8220; videoinfothek=&#8220;29214|Ausbildung bei Klasmann-Deilmann&#8220;][\/vc_column_inner][\/vc_row_inner][\/vc_column][\/vc_row][vc_section css=&#8220;.vc_custom_1629978088417{margin-top: 30px\" \/>\n<meta property=\"og:url\" content=\"https:\/\/klasmann-deilmann.com\/de\/karriere\/ausbildung-und-duales-studium\/ausbildung\/\" \/>\n<meta property=\"og:site_name\" content=\"Klasmann-Deilmann\" \/>\n<meta property=\"article:modified_time\" content=\"2025-07-29T15:05:29+00:00\" \/>\n<meta name=\"twitter:card\" content=\"summary_large_image\" \/>\n<meta name=\"twitter:label1\" content=\"Gesch\u00e4tzte Lesezeit\" \/>\n\t<meta name=\"twitter:data1\" content=\"6\u00a0Minuten\" \/>\n<script type=\"application\/ld+json\" class=\"yoast-schema-graph\">{\"@context\":\"https:\\\/\\\/schema.org\",\"@graph\":[{\"@type\":\"WebPage\",\"@id\":\"https:\\\/\\\/klasmann-deilmann.com\\\/de\\\/karriere\\\/ausbildung-und-duales-studium\\\/ausbildung\\\/\",\"url\":\"https:\\\/\\\/klasmann-deilmann.com\\\/de\\\/karriere\\\/ausbildung-und-duales-studium\\\/ausbildung\\\/\",\"name\":\"Ausbildung - Klasmann-Deilmann\",\"isPartOf\":{\"@id\":\"https:\\\/\\\/klasmann-deilmann.com\\\/en\\\/#website\"},\"datePublished\":\"2021-11-16T12:36:20+00:00\",\"dateModified\":\"2025-07-29T15:05:29+00:00\",\"breadcrumb\":{\"@id\":\"https:\\\/\\\/klasmann-deilmann.com\\\/de\\\/karriere\\\/ausbildung-und-duales-studium\\\/ausbildung\\\/#breadcrumb\"},\"inLanguage\":\"de\",\"potentialAction\":[{\"@type\":\"ReadAction\",\"target\":[\"https:\\\/\\\/klasmann-deilmann.com\\\/de\\\/karriere\\\/ausbildung-und-duales-studium\\\/ausbildung\\\/\"]}]},{\"@type\":\"BreadcrumbList\",\"@id\":\"https:\\\/\\\/klasmann-deilmann.com\\\/de\\\/karriere\\\/ausbildung-und-duales-studium\\\/ausbildung\\\/#breadcrumb\",\"itemListElement\":[{\"@type\":\"ListItem\",\"position\":1,\"name\":\"Home\",\"item\":\"https:\\\/\\\/klasmann-deilmann.com\\\/de\\\/\"},{\"@type\":\"ListItem\",\"position\":2,\"name\":\"Karriere\",\"item\":\"https:\\\/\\\/klasmann-deilmann.com\\\/de\\\/karriere\\\/\"},{\"@type\":\"ListItem\",\"position\":3,\"name\":\"Ausbildung und duales Studium\",\"item\":\"https:\\\/\\\/klasmann-deilmann.com\\\/de\\\/karriere\\\/ausbildung-und-duales-studium\\\/\"},{\"@type\":\"ListItem\",\"position\":4,\"name\":\"Ausbildung\"}]},{\"@type\":\"WebSite\",\"@id\":\"https:\\\/\\\/klasmann-deilmann.com\\\/en\\\/#website\",\"url\":\"https:\\\/\\\/klasmann-deilmann.com\\\/en\\\/\",\"name\":\"Klasmann-Deilmann\",\"description\":\"\",\"potentialAction\":[{\"@type\":\"SearchAction\",\"target\":{\"@type\":\"EntryPoint\",\"urlTemplate\":\"https:\\\/\\\/klasmann-deilmann.com\\\/en\\\/?s={search_term_string}\"},\"query-input\":{\"@type\":\"PropertyValueSpecification\",\"valueRequired\":true,\"valueName\":\"search_term_string\"}}],\"inLanguage\":\"de\"}]}<\/script>\n<!-- \/ Yoast SEO plugin. -->","yoast_head_json":{"title":"Ausbildung - Klasmann-Deilmann","robots":{"index":"index","follow":"follow","max-snippet":"max-snippet:-1","max-image-preview":"max-image-preview:large","max-video-preview":"max-video-preview:-1"},"canonical":"https:\/\/klasmann-deilmann.com\/de\/karriere\/ausbildung-und-duales-studium\/ausbildung\/","og_locale":"de_DE","og_type":"article","og_title":"Ausbildung - Klasmann-Deilmann","og_description":"[vc_row][vc_column][kd_header_random_image_banner image=&#8220;36366&#8243;][\/kd_header_random_image_banner][\/vc_column][\/vc_row][vc_row][vc_column][vc_row_inner][vc_column_inner width=&#8220;3\/4&#8243;][vc_column_text] Schule vorbei und jetzt? Dann komm zu uns und beginne mit uns Deinen Weg in den Berufsalltag. In jedem Jahr erm\u00f6glichen wir jungen Menschen den Einstieg in die Berufswelt. Alle wichtigen Informationen zu den einzelnen Berufen findest Du hier. Falls Du noch unsicher bist, schreibe eine Mail an unseren Ausbildungsleiter Tim Hagen. PS: Alle unsere Auszubildenden haben ihre Ausbildung erfolgreich bestanden und die IHK zeichnete uns auch als Top-Ausbildungsbetrieb aus.[\/vc_column_text][\/vc_column_inner][vc_column_inner width=&#8220;1\/4&#8243;][vc_column_text][\/vc_column_text][\/vc_column_inner][\/vc_row_inner][vc_row_inner][vc_column_inner][kd_videobox videofrom=&#8220;infothek&#8220; videoinfothek=&#8220;29214|Ausbildung bei Klasmann-Deilmann&#8220;][\/vc_column_inner][\/vc_row_inner][\/vc_column][\/vc_row][vc_section css=&#8220;.vc_custom_1629978088417{margin-top: 30px","og_url":"https:\/\/klasmann-deilmann.com\/de\/karriere\/ausbildung-und-duales-studium\/ausbildung\/","og_site_name":"Klasmann-Deilmann","article_modified_time":"2025-07-29T15:05:29+00:00","twitter_card":"summary_large_image","twitter_misc":{"Gesch\u00e4tzte Lesezeit":"6\u00a0Minuten"},"schema":{"@context":"https:\/\/schema.org","@graph":[{"@type":"WebPage","@id":"https:\/\/klasmann-deilmann.com\/de\/karriere\/ausbildung-und-duales-studium\/ausbildung\/","url":"https:\/\/klasmann-deilmann.com\/de\/karriere\/ausbildung-und-duales-studium\/ausbildung\/","name":"Ausbildung - Klasmann-Deilmann","isPartOf":{"@id":"https:\/\/klasmann-deilmann.com\/en\/#website"},"datePublished":"2021-11-16T12:36:20+00:00","dateModified":"2025-07-29T15:05:29+00:00","breadcrumb":{"@id":"https:\/\/klasmann-deilmann.com\/de\/karriere\/ausbildung-und-duales-studium\/ausbildung\/#breadcrumb"},"inLanguage":"de","potentialAction":[{"@type":"ReadAction","target":["https:\/\/klasmann-deilmann.com\/de\/karriere\/ausbildung-und-duales-studium\/ausbildung\/"]}]},{"@type":"BreadcrumbList","@id":"https:\/\/klasmann-deilmann.com\/de\/karriere\/ausbildung-und-duales-studium\/ausbildung\/#breadcrumb","itemListElement":[{"@type":"ListItem","position":1,"name":"Home","item":"https:\/\/klasmann-deilmann.com\/de\/"},{"@type":"ListItem","position":2,"name":"Karriere","item":"https:\/\/klasmann-deilmann.com\/de\/karriere\/"},{"@type":"ListItem","position":3,"name":"Ausbildung und duales Studium","item":"https:\/\/klasmann-deilmann.com\/de\/karriere\/ausbildung-und-duales-studium\/"},{"@type":"ListItem","position":4,"name":"Ausbildung"}]},{"@type":"WebSite","@id":"https:\/\/klasmann-deilmann.com\/en\/#website","url":"https:\/\/klasmann-deilmann.com\/en\/","name":"Klasmann-Deilmann","description":"","potentialAction":[{"@type":"SearchAction","target":{"@type":"EntryPoint","urlTemplate":"https:\/\/klasmann-deilmann.com\/en\/?s={search_term_string}"},"query-input":{"@type":"PropertyValueSpecification","valueRequired":true,"valueName":"search_term_string"}}],"inLanguage":"de"}]}},"_links":{"self":[{"href":"https:\/\/klasmann-deilmann.com\/de\/wp-json\/wp\/v2\/pages\/40240","targetHints":{"allow":["GET"]}}],"collection":[{"href":"https:\/\/klasmann-deilmann.com\/de\/wp-json\/wp\/v2\/pages"}],"about":[{"href":"https:\/\/klasmann-deilmann.com\/de\/wp-json\/wp\/v2\/types\/page"}],"author":[{"embeddable":true,"href":"https:\/\/klasmann-deilmann.com\/de\/wp-json\/wp\/v2\/users\/7"}],"replies":[{"embeddable":true,"href":"https:\/\/klasmann-deilmann.com\/de\/wp-json\/wp\/v2\/comments?post=40240"}],"version-history":[{"count":20,"href":"https:\/\/klasmann-deilmann.com\/de\/wp-json\/wp\/v2\/pages\/40240\/revisions"}],"predecessor-version":[{"id":90676,"href":"https:\/\/klasmann-deilmann.com\/de\/wp-json\/wp\/v2\/pages\/40240\/revisions\/90676"}],"up":[{"embeddable":true,"href":"https:\/\/klasmann-deilmann.com\/de\/wp-json\/wp\/v2\/pages\/40214"}],"wp:attachment":[{"href":"https:\/\/klasmann-deilmann.com\/de\/wp-json\/wp\/v2\/media?parent=40240"}],"curies":[{"name":"wp","href":"https:\/\/api.w.org\/{rel}","templated":true}]}}