{"version":"1.0","provider_name":"Klasmann-Deilmann","provider_url":"https:\/\/klasmann-deilmann.com\/de\/","author_name":"Dirk R\u00f6se","author_url":"https:\/\/klasmann-deilmann.com\/de\/author\/dirk-roese\/","title":"Zum Tod von Dr. Hans-Gerhard Kampf - Klasmann-Deilmann","type":"rich","width":600,"height":338,"html":"<blockquote class=\"wp-embedded-content\" data-secret=\"esMfXDEW6x\"><a href=\"https:\/\/klasmann-deilmann.com\/de\/zum-tod-von-dr-hans-gerhard-kampf\/\">Zum Tod von Dr. Hans-Gerhard Kampf<\/a><\/blockquote><iframe sandbox=\"allow-scripts\" security=\"restricted\" src=\"https:\/\/klasmann-deilmann.com\/de\/zum-tod-von-dr-hans-gerhard-kampf\/embed\/#?secret=esMfXDEW6x\" width=\"600\" height=\"338\" title=\"&#8222;Zum Tod von Dr. Hans-Gerhard Kampf&#8220; &#8211; Klasmann-Deilmann\" data-secret=\"esMfXDEW6x\" frameborder=\"0\" marginwidth=\"0\" marginheight=\"0\" scrolling=\"no\" class=\"wp-embedded-content\"><\/iframe><script type=\"text\/javascript\">\n\/* <![CDATA[ *\/\n\/*! This file is auto-generated *\/\n!function(d,l){\"use strict\";l.querySelector&&d.addEventListener&&\"undefined\"!=typeof URL&&(d.wp=d.wp||{},d.wp.receiveEmbedMessage||(d.wp.receiveEmbedMessage=function(e){var t=e.data;if((t||t.secret||t.message||t.value)&&!\/[^a-zA-Z0-9]\/.test(t.secret)){for(var s,r,n,a=l.querySelectorAll('iframe[data-secret=\"'+t.secret+'\"]'),o=l.querySelectorAll('blockquote[data-secret=\"'+t.secret+'\"]'),c=new RegExp(\"^https?:$\",\"i\"),i=0;i<o.length;i++)o[i].style.display=\"none\";for(i=0;i<a.length;i++)s=a[i],e.source===s.contentWindow&&(s.removeAttribute(\"style\"),\"height\"===t.message?(1e3<(r=parseInt(t.value,10))?r=1e3:~~r<200&&(r=200),s.height=r):\"link\"===t.message&&(r=new URL(s.getAttribute(\"src\")),n=new URL(t.value),c.test(n.protocol))&&n.host===r.host&&l.activeElement===s&&(d.top.location.href=t.value))}},d.addEventListener(\"message\",d.wp.receiveEmbedMessage,!1),l.addEventListener(\"DOMContentLoaded\",function(){for(var e,t,s=l.querySelectorAll(\"iframe.wp-embedded-content\"),r=0;r<s.length;r++)(t=(e=s[r]).getAttribute(\"data-secret\"))||(t=Math.random().toString(36).substring(2,12),e.src+=\"#?secret=\"+t,e.setAttribute(\"data-secret\",t)),e.contentWindow.postMessage({message:\"ready\",secret:t},\"*\")},!1)))}(window,document);\n\/\/# sourceURL=https:\/\/klasmann-deilmann.com\/wp-includes\/js\/wp-embed.min.js\n\/* ]]> *\/\n<\/script>\n","description":"Wir trauern um unseren ehemaligen Gesch\u00e4ftsf\u00fchrer Herrn Dr.-Ing. Hans-Gerhard Kampf, der am 19. November 2016 im Alter von 93 Jahren verstarb. Dr. Kampf war w\u00e4hrend seiner 32-j\u00e4hrigen Zugeh\u00f6rigkeit zur fr\u00fcheren Heseper Torfwerk GmbH und sp\u00e4teren Klasmann Werke GmbH in leitender Funktion und dabei von 1971 bis zu seinem Austritt im Jahr 1988 als technischer Gesch\u00e4ftsf\u00fchrer t\u00e4tig. \u201eMit Dr. Kampf verlieren wir eine Pers\u00f6nlichkeit, die unser Unternehmen nach innen und au\u00dfen dauerhaft gepr\u00e4gt hat, einen Menschen, der in der Belegschaft und","thumbnail_url":"https:\/\/klasmann-deilmann.com\/wp-content\/uploads\/2016-11-28-Blogbeitrag-Nachruf-Dr-Kampf-01.jpg","thumbnail_width":1000,"thumbnail_height":1425}