{"version":"1.0","provider_name":"Klasmann-Deilmann","provider_url":"https:\/\/klasmann-deilmann.com\/de\/","author_name":"Dirk R\u00f6se","author_url":"https:\/\/klasmann-deilmann.com\/de\/author\/dirk-roese\/","title":"Trauer um Dr. Klaus J\u00fcrgen Deilmann - Klasmann-Deilmann","type":"rich","width":600,"height":338,"html":"<blockquote class=\"wp-embedded-content\" data-secret=\"hUv5idri15\"><a href=\"https:\/\/klasmann-deilmann.com\/de\/trauer-um-dr-klaus-juergen-deilmann\/\">Trauer um Dr. Klaus J\u00fcrgen Deilmann<\/a><\/blockquote><iframe sandbox=\"allow-scripts\" security=\"restricted\" src=\"https:\/\/klasmann-deilmann.com\/de\/trauer-um-dr-klaus-juergen-deilmann\/embed\/#?secret=hUv5idri15\" width=\"600\" height=\"338\" title=\"&#8222;Trauer um Dr. Klaus J\u00fcrgen Deilmann&#8220; &#8211; Klasmann-Deilmann\" data-secret=\"hUv5idri15\" frameborder=\"0\" marginwidth=\"0\" marginheight=\"0\" scrolling=\"no\" class=\"wp-embedded-content\"><\/iframe><script type=\"text\/javascript\">\n\/* <![CDATA[ *\/\n\/*! This file is auto-generated *\/\n!function(d,l){\"use strict\";l.querySelector&&d.addEventListener&&\"undefined\"!=typeof URL&&(d.wp=d.wp||{},d.wp.receiveEmbedMessage||(d.wp.receiveEmbedMessage=function(e){var t=e.data;if((t||t.secret||t.message||t.value)&&!\/[^a-zA-Z0-9]\/.test(t.secret)){for(var s,r,n,a=l.querySelectorAll('iframe[data-secret=\"'+t.secret+'\"]'),o=l.querySelectorAll('blockquote[data-secret=\"'+t.secret+'\"]'),c=new RegExp(\"^https?:$\",\"i\"),i=0;i<o.length;i++)o[i].style.display=\"none\";for(i=0;i<a.length;i++)s=a[i],e.source===s.contentWindow&&(s.removeAttribute(\"style\"),\"height\"===t.message?(1e3<(r=parseInt(t.value,10))?r=1e3:~~r<200&&(r=200),s.height=r):\"link\"===t.message&&(r=new URL(s.getAttribute(\"src\")),n=new URL(t.value),c.test(n.protocol))&&n.host===r.host&&l.activeElement===s&&(d.top.location.href=t.value))}},d.addEventListener(\"message\",d.wp.receiveEmbedMessage,!1),l.addEventListener(\"DOMContentLoaded\",function(){for(var e,t,s=l.querySelectorAll(\"iframe.wp-embedded-content\"),r=0;r<s.length;r++)(t=(e=s[r]).getAttribute(\"data-secret\"))||(t=Math.random().toString(36).substring(2,12),e.src+=\"#?secret=\"+t,e.setAttribute(\"data-secret\",t)),e.contentWindow.postMessage({message:\"ready\",secret:t},\"*\")},!1)))}(window,document);\n\/\/# sourceURL=https:\/\/klasmann-deilmann.com\/wp-includes\/js\/wp-embed.min.js\n\/* ]]> *\/\n<\/script>\n","description":"Wir trauern um unseren fr\u00fcheren Gesellschafter Dr. Klaus J\u00fcrgen Deilmann, der am vergangenen Sonntag nach einem erf\u00fcllten Leben im Alter von 93 Jahren in Bad Bentheim friedlich verstarb. Klaus J\u00fcrgen Deilmann und sein Bruder Hans Carl Deilmann f\u00fchrten \u00fcber mehrere Jahrzehnte die Geschicke des Familienunternehmens C. Deilmann in 3. Generation, bis sie die Verantwortung im Jahr 2007 an Carl-Gerrit Deilmann und Carl-Joachim Deilmann \u00fcbergaben. Schwerpunkte seiner erfolgreichen Arbeit lagen in der Montan-Industrie sowie im Erd\u00f6l-Erdgas-Gesch\u00e4ft. In den 1980er Jahren war"}