{"version":"1.0","provider_name":"Klasmann-Deilmann","provider_url":"https:\/\/klasmann-deilmann.com\/de\/","author_name":"Dirk R\u00f6se","author_url":"https:\/\/klasmann-deilmann.com\/de\/author\/dirk-roese\/","title":"Der positive Weg zu mehr Nachhaltigkeit - Klasmann-Deilmann","type":"rich","width":600,"height":338,"html":"<blockquote class=\"wp-embedded-content\" data-secret=\"RSpYyli0rz\"><a href=\"https:\/\/klasmann-deilmann.com\/de\/der-positive-weg-zu-mehr-nachhaltigkeit\/\">Der positive Weg zu mehr Nachhaltigkeit<\/a><\/blockquote><iframe sandbox=\"allow-scripts\" security=\"restricted\" src=\"https:\/\/klasmann-deilmann.com\/de\/der-positive-weg-zu-mehr-nachhaltigkeit\/embed\/#?secret=RSpYyli0rz\" width=\"600\" height=\"338\" title=\"&#8222;Der positive Weg zu mehr Nachhaltigkeit&#8220; &#8211; Klasmann-Deilmann\" data-secret=\"RSpYyli0rz\" frameborder=\"0\" marginwidth=\"0\" marginheight=\"0\" scrolling=\"no\" class=\"wp-embedded-content\"><\/iframe><script type=\"text\/javascript\">\n\/* <![CDATA[ *\/\n\/*! This file is auto-generated *\/\n!function(d,l){\"use strict\";l.querySelector&&d.addEventListener&&\"undefined\"!=typeof URL&&(d.wp=d.wp||{},d.wp.receiveEmbedMessage||(d.wp.receiveEmbedMessage=function(e){var t=e.data;if((t||t.secret||t.message||t.value)&&!\/[^a-zA-Z0-9]\/.test(t.secret)){for(var s,r,n,a=l.querySelectorAll('iframe[data-secret=\"'+t.secret+'\"]'),o=l.querySelectorAll('blockquote[data-secret=\"'+t.secret+'\"]'),c=new RegExp(\"^https?:$\",\"i\"),i=0;i<o.length;i++)o[i].style.display=\"none\";for(i=0;i<a.length;i++)s=a[i],e.source===s.contentWindow&&(s.removeAttribute(\"style\"),\"height\"===t.message?(1e3<(r=parseInt(t.value,10))?r=1e3:~~r<200&&(r=200),s.height=r):\"link\"===t.message&&(r=new URL(s.getAttribute(\"src\")),n=new URL(t.value),c.test(n.protocol))&&n.host===r.host&&l.activeElement===s&&(d.top.location.href=t.value))}},d.addEventListener(\"message\",d.wp.receiveEmbedMessage,!1),l.addEventListener(\"DOMContentLoaded\",function(){for(var e,t,s=l.querySelectorAll(\"iframe.wp-embedded-content\"),r=0;r<s.length;r++)(t=(e=s[r]).getAttribute(\"data-secret\"))||(t=Math.random().toString(36).substring(2,12),e.src+=\"#?secret=\"+t,e.setAttribute(\"data-secret\",t)),e.contentWindow.postMessage({message:\"ready\",secret:t},\"*\")},!1)))}(window,document);\n\/\/# sourceURL=https:\/\/klasmann-deilmann.com\/wp-includes\/js\/wp-embed.min.js\n\/* ]]> *\/\n<\/script>\n","description":"IAV und IHK mit Industrie-Dialog bei Klasmann-Deilmann Ein Konsens wurde nicht erzielt bei der Frage, wer f\u00fcr Nachhaltigkeit verantwortlich ist. Es gab ein Pl\u00e4doyer, das die Regierung in die Pflicht nimmt, ein anderes sah die B\u00fcrgerinnen und B\u00fcrger in der Verantwortung und ein drittes schickte die Industrie an die vorderste Front. Als ein Ergebnis aus dem j\u00fcngsten \u201eIndustrie-Dialog\u201c von IAV und IHK der Region Osnabr\u00fcck-Emsland-Grafschaft Bentheim l\u00e4sst sich aber festhalten, dass im Optimalfall alle Beteiligten ihre eigene Verantwortung erkennen und","thumbnail_url":"https:\/\/klasmann-deilmann.com\/wp-content\/uploads\/2019-08-27-Industriedialog-IAV-IHK-Gruppenbild-150x150.jpg"}